{"id":1324,"date":"2022-02-24T05:03:32","date_gmt":"2022-02-24T10:03:32","guid":{"rendered":"https:\/\/federacionsmpc.org\/index.php\/about\/"},"modified":"2023-08-15T18:37:59","modified_gmt":"2023-08-15T23:37:59","slug":"somos","status":"publish","type":"page","link":"https:\/\/federacionsmpc.org\/index.php\/somos\/","title":{"rendered":"Somos"},"content":{"rendered":"\n<div class=\"wp-block-uagb-container uagb-block-3ad17e27 alignfull uagb-is-root-container\"><div class=\"uagb-container-inner-blocks-wrap\">\n<div class=\"wp-block-uagb-advanced-heading uagb-block-8a1eebc0\"><h1 class=\"uagb-heading-text\">Quienes Somos<\/h1><\/div>\n<\/div><\/div>\n\n\n\n<div class=\"wp-block-uagb-container uagb-block-16c3c442 alignfull uagb-is-root-container\"><div class=\"uagb-container-inner-blocks-wrap\">\n<div class=\"wp-block-uagb-advanced-heading uagb-block-5ee2fc8e\"><h2 class=\"uagb-heading-text\">Somos la Federaci\u00f3n Nacional de Sociedades de <br>Mejoras P\u00fablicas de Colombia<\/h2><\/div>\n<\/div><\/div>\n\n\n\n<div class=\"wp-block-uagb-container uagb-block-c1ed8684 alignfull uagb-is-root-container\"><div class=\"uagb-container-inner-blocks-wrap\">\n<p class=\"has-text-align-center has-black-color has-text-color\" style=\"padding-top:var(--wp--preset--spacing--50);padding-right:var(--wp--preset--spacing--60);padding-left:var(--wp--preset--spacing--60);font-size:16px\"> La FNSMPC en seguimiento del esp\u00edritu que inform\u00f3 el Primer Congreso Nacional de Sociedades de Mejoras P\u00fablicas <br>realizado en la ciudad de Santa Fe de Bogot\u00e1, en 1917, tiene como pol\u00edtica:<\/p>\n\n\n\n<div class=\"wp-block-columns is-layout-flex wp-container-core-columns-is-layout-20bb992b wp-block-columns-is-layout-flex\" style=\"margin-top:0;margin-bottom:0;padding-top:0;padding-right:0;padding-bottom:0;padding-left:0\">\n<div class=\"wp-block-column is-vertically-aligned-center is-layout-flow wp-block-column-is-layout-flow\">\n<div class=\"wp-block-uagb-container uagb-block-d68f0c8d\">\n<div class=\"wp-block-cover aligncenter is-light\"><span aria-hidden=\"true\" class=\"wp-block-cover__background has-background-dim\"><\/span><img loading=\"lazy\" decoding=\"async\" width=\"770\" height=\"646\" class=\"wp-block-cover__image-background wp-image-3077\" alt=\"\" src=\"https:\/\/federacionsmpc.org\/wp-content\/uploads\/2023\/08\/ejecutivos2.jpg\" style=\"object-position:46% 10%\" data-object-fit=\"cover\" data-object-position=\"46% 10%\" srcset=\"https:\/\/federacionsmpc.org\/wp-content\/uploads\/2023\/08\/ejecutivos2.jpg 770w, https:\/\/federacionsmpc.org\/wp-content\/uploads\/2023\/08\/ejecutivos2-300x252.jpg 300w, https:\/\/federacionsmpc.org\/wp-content\/uploads\/2023\/08\/ejecutivos2-768x644.jpg 768w\" sizes=\"auto, (max-width: 770px) 100vw, 770px\" \/><div class=\"wp-block-cover__inner-container is-layout-flow wp-block-cover-is-layout-flow\">\n<p class=\"has-text-align-center\" style=\"font-size:35px\"><strong>POL\u00cdTICA GENERAL<\/strong><\/p>\n<\/div><\/div>\n<\/div>\n<\/div>\n\n\n\n<div class=\"wp-block-column is-vertically-aligned-center is-layout-flow wp-block-column-is-layout-flow\" style=\"padding-right:var(--wp--preset--spacing--40);padding-bottom:var(--wp--preset--spacing--50);padding-left:var(--wp--preset--spacing--40)\">\n<p><strong>ASUMIR<\/strong> el civismo como una actitud de respeto, observancia y respaldo hacia los principios y normas que rigen la vida de la colectividad y, entendida como la capacidad perfeccionada de ser y sentirse agente de desarrollo social.<\/p>\n\n\n\n<p><strong>HACER<\/strong> de sus acciones un paradigma para el comportamiento c\u00edvico y la preservaci\u00f3n de los recursos naturales como el legado a las nuevas generaciones.<\/p>\n\n\n\n<p><strong>RECONOCER<\/strong> la formaci\u00f3n personal, el arte y la cultura como factores altamente dignificantes de la persona humana.<\/p>\n\n\n\n<p><strong>OBSERVAR<\/strong> la \u00e9tica como fundamento de las actuaciones y e respeto por la el pensamiento de las ideas de los dem\u00e1s como m\u00e1xima expresi\u00f3n tolerancia y garant\u00eda de la convivencia pac\u00edfica.<\/p>\n\n\n\n<p><strong>FOMENTAR<\/strong> el aprovechamiento del tiempo libre, y propiciar el deporte y la recreaci\u00f3n, por ser elementos fundamentales en el desarrollo integral del hombre, y<\/p>\n\n\n\n<p><strong>PROMOVER<\/strong> la solidaridad como la adhesi\u00f3n a la causa o a la empresa de otros.<\/p>\n<\/div>\n<\/div>\n<\/div><\/div>\n\n\n\n<div class=\"wp-block-uagb-container uagb-block-7a2be37d alignfull uagb-is-root-container\"><div class=\"uagb-container-inner-blocks-wrap\">\n<div class=\"wp-block-uagb-advanced-heading uagb-block-9eac5ae5\"><h4 class=\"uagb-heading-text\">OBJETIVO SOCIAL<\/h4><\/div>\n<\/div><\/div>\n\n\n\n<div class=\"wp-block-uagb-container uagb-block-52039b82 alignfull uagb-is-root-container\"><div class=\"uagb-container-inner-blocks-wrap\">\n<div class=\"wp-block-columns is-layout-flex wp-container-core-columns-is-layout-20bb992b wp-block-columns-is-layout-flex\" style=\"margin-top:0;margin-bottom:0;padding-top:0;padding-right:0;padding-bottom:0;padding-left:0\">\n<div class=\"wp-block-column is-vertically-aligned-center is-layout-flow wp-block-column-is-layout-flow\">\n<p style=\"padding-top:var(--wp--preset--spacing--50);padding-right:var(--wp--preset--spacing--40);padding-left:var(--wp--preset--spacing--40)\">Nuestra Federaci\u00f3n tiene como objeto asociar, registrar y liderar las acciones necesarias y convenientes para el fortalecimiento de las Sociedades de Mejoras P\u00fablicas federadas, para que estas sean actoras del desarrollo social sostenible en Colombia y, sean una voz de la sociedad civil participante en el fortalecimiento de la gobernanza municipal o distrital; mediante el ejercicio del di\u00e1logo social y pol\u00edtico que promueva el civismo, la cultura  y el desarrollo humano; la solidaridad y las buenas costumbres; el reconocimiento y promoci\u00f3n del arte y la cultura; la conservaci\u00f3n y protecci\u00f3n de los recursos naturales; la recreaci\u00f3n como factor fundamental del desarrollo de la persona; la \u00e9tica como principio fundamental del comportamiento humano; el respeto por la diferencia, por la convivencia pac\u00edfica y por la tolerancia; el compromiso con el desarrollo arm\u00f3nico de la ciudad y el bienestar comunitario.<\/p>\n<\/div>\n\n\n\n<div class=\"wp-block-column is-vertically-aligned-center is-layout-flow wp-block-column-is-layout-flow\">\n<div class=\"wp-block-uagb-container uagb-block-9809c03a\">\n<div class=\"wp-block-cover is-light\" style=\"min-height:334px;aspect-ratio:unset;\"><span aria-hidden=\"true\" class=\"wp-block-cover__background has-background-dim\"><\/span><img loading=\"lazy\" decoding=\"async\" width=\"1024\" height=\"683\" class=\"wp-block-cover__image-background wp-image-3239\" alt=\"\" src=\"https:\/\/federacionsmpc.org\/wp-content\/uploads\/2023\/08\/arquitectos-estudiando-plan-maqueta-1024x683.jpg\" data-object-fit=\"cover\" srcset=\"https:\/\/federacionsmpc.org\/wp-content\/uploads\/2023\/08\/arquitectos-estudiando-plan-maqueta-1024x683.jpg 1024w, https:\/\/federacionsmpc.org\/wp-content\/uploads\/2023\/08\/arquitectos-estudiando-plan-maqueta-300x200.jpg 300w, https:\/\/federacionsmpc.org\/wp-content\/uploads\/2023\/08\/arquitectos-estudiando-plan-maqueta-768x513.jpg 768w, https:\/\/federacionsmpc.org\/wp-content\/uploads\/2023\/08\/arquitectos-estudiando-plan-maqueta-1536x1025.jpg 1536w, https:\/\/federacionsmpc.org\/wp-content\/uploads\/2023\/08\/arquitectos-estudiando-plan-maqueta-2048x1367.jpg 2048w\" sizes=\"auto, (max-width: 1024px) 100vw, 1024px\" \/><div class=\"wp-block-cover__inner-container is-layout-flow wp-block-cover-is-layout-flow\">\n<p class=\"has-text-align-center\" style=\"font-size:24px;font-style:normal;font-weight:500;line-height:1.4\">Cumple con las actividades meritorias establecidas en el Art. 359 de Estatuto Tributario Especial vigente, o del que lo modifique o reglamente:<\/p>\n<\/div><\/div>\n<\/div>\n<\/div>\n<\/div>\n<\/div><\/div>\n\n\n\n<div class=\"wp-block-uagb-container uagb-block-626320bc alignfull uagb-is-root-container\"><div class=\"uagb-container-inner-blocks-wrap\">\n<p class=\"has-black-color has-text-color\" style=\"margin-top:var(--wp--preset--spacing--40);margin-right:var(--wp--preset--spacing--40);margin-left:var(--wp--preset--spacing--40);padding-top:0;padding-right:var(--wp--preset--spacing--30);padding-bottom:0;padding-left:var(--wp--preset--spacing--30)\">1. Promoci\u00f3n y apoyo a entidades sin \u00e1nimo de lucro que ejecuten acciones directas en el territorio nacional en alguna de las actividades meritorias descritas en este art\u00edculo.<br><br>2. Actividades de desarrollo social, tales como:<br><br>2.1. Actividades orientadas a la promoci\u00f3n y desarrollo de la transparencia, al control social, a la lucha contra la corrupci\u00f3n, a la construcci\u00f3n de paz, al desarrollo de las pol\u00edticas p\u00fablicas y la participaci\u00f3n ciudadana.<br><br>2.2. Actividades de apoyo a la recreaci\u00f3n de familias de escasos recursos, desarrollo y mantenimiento de parques y centros de diversi\u00f3n, siempre y cuando sean para el acceso general de la comunidad.<br><br>2.3. Actividades de protecci\u00f3n al medio ambiente, conservaci\u00f3n, recuperaci\u00f3n, protecci\u00f3n, manejo, uso y aprovechamiento de los recursos naturales renovables y el medio ambiente sostenible.<br><br>La Federaci\u00f3n tiene como prop\u00f3sito propiciar, acompa\u00f1ar y estimular a las Sociedades de Mejoras federadas, en el desarrollo de programas e incentivos dirigidos a la formulaci\u00f3n de: planes de especiales de manejo y protecci\u00f3n de bienes culturales (PEMP), de planes ordenamiento del territorio (POT) y de la planeaci\u00f3n del desarrollo de las ciudades y las respectivas regiones.<\/p>\n<\/div><\/div>\n\n\n\n<div class=\"wp-block-uagb-container uagb-block-0fe4770d alignfull uagb-is-root-container\"><div class=\"uagb-container-inner-blocks-wrap\">\n<div class=\"wp-block-columns is-layout-flex wp-container-core-columns-is-layout-20bb992b wp-block-columns-is-layout-flex\" style=\"margin-top:0;margin-bottom:0;padding-top:0;padding-right:0;padding-bottom:0;padding-left:0\">\n<div class=\"wp-block-column is-layout-flow wp-block-column-is-layout-flow\">\n<div class=\"wp-block-uagb-container uagb-block-8c7fc5db\">\n<div class=\"wp-block-cover is-light\" style=\"min-height:296px;aspect-ratio:unset;\"><span aria-hidden=\"true\" class=\"wp-block-cover__background has-background-dim\"><\/span><img loading=\"lazy\" decoding=\"async\" width=\"640\" height=\"360\" class=\"wp-block-cover__image-background wp-image-3243\" alt=\"\" src=\"https:\/\/federacionsmpc.org\/wp-content\/uploads\/2023\/08\/trancvia1.jpg\" data-object-fit=\"cover\" srcset=\"https:\/\/federacionsmpc.org\/wp-content\/uploads\/2023\/08\/trancvia1.jpg 640w, https:\/\/federacionsmpc.org\/wp-content\/uploads\/2023\/08\/trancvia1-300x169.jpg 300w\" sizes=\"auto, (max-width: 640px) 100vw, 640px\" \/><div class=\"wp-block-cover__inner-container is-layout-flow wp-block-cover-is-layout-flow\">\n<p class=\"has-text-align-center\" style=\"font-size:35px;line-height:1.8\"><strong>RESE\u00d1A HIST\u00d3RICA<\/strong><\/p>\n<\/div><\/div>\n<\/div>\n<\/div>\n<\/div>\n\n\n\n<div class=\"wp-block-columns is-layout-flex wp-container-core-columns-is-layout-28f84493 wp-block-columns-is-layout-flex\">\n<div class=\"wp-block-column is-layout-flow wp-container-core-column-is-layout-1adb533f wp-block-column-is-layout-flow\" style=\"padding-bottom:0px\">\n<p class=\"has-black-color has-text-color\" style=\"padding-right:var(--wp--preset--spacing--40);padding-bottom:0;padding-left:var(--wp--preset--spacing--40)\">Una aproximaci\u00f3n a la organizaci\u00f3n gremial de las Sociedades de Mejoras P\u00fablicas de Colombia, fue su Primer Congreso Nacional realizado en la ciudad de Santa Fe de Bogot\u00e1, en el a\u00f1o 1917 y cuyas implicaciones en el planeamiento de las ciudades de Colombia, desde el punto de vista hist\u00f3rico y sociol\u00f3gico, han dejado huella indeleble en el desarrollo socioecon\u00f3mico de nuestro pa\u00eds durante m\u00e1s de una centuria.<br><br>Antes de que se empezara a hablar formalmente de una Federaci\u00f3n de Sociedades de Mejoras (1996), estas entidades de car\u00e1cter eminentemente c\u00edvico, ya ten\u00edan a su haber un largo recorrido.<br><br>En 1899, se crea la Sociedad de Mejoras P\u00fablicas de Medell\u00edn, inspirada en el proceso desarrollado en Bogot\u00e1 que en 1883 cre\u00f3 la Junta de Aseo y Ornato de esta ciudad capital, entidad de la cual se derivaron otras juntas y la actual Sociedad de Mejoras y Ornato de Bogot\u00e1, constituida en 1917.<br><br>El inter\u00e9s por el planeamiento urbano de Medell\u00edn, estimul\u00f3 a 23 integrantes de la \u00e9lite antioque\u00f1a, para convertir en un proyecto com\u00fan de la sociedad medellinense, a la Sociedad de Mejoras P\u00fablicas de Medell\u00edn. Surgi\u00f3, como casi todas, para llenar un vac\u00edo estatal y por tal raz\u00f3n, hasta la cuarta d\u00e9cada del siglo XX ejecutaba obras de infraestructura. M\u00e1s tarde, centr\u00f3 sus objetivos en la formulaci\u00f3n de propuestas y gesti\u00f3n de proyectos de obra.<\/p>\n<\/div>\n\n\n\n<div class=\"wp-block-column is-layout-flow wp-block-column-is-layout-flow\">\n<p class=\"has-black-color has-text-color\" style=\"padding-right:var(--wp--preset--spacing--40);padding-bottom:var(--wp--preset--spacing--70);padding-left:var(--wp--preset--spacing--40)\">El ejemplo de la \u00e9lite de Medell\u00edn y el trayecto de la entidad bogotana, hicieron que, en las primeras d\u00e9cadas del siglo XX, se creara las Sociedades de Mejoras P\u00fablicas en ciudades capitales como Cali (1904), Manizales (1912), Cartagena de Indias (1923), Armenia (1926), Pereira (1926) y Bucaramanga (1938), as\u00ed como en algunos municipios antioque\u00f1os como Jeric\u00f3 (1913), Envigado (1920), El Santuario (1920), T\u00e1mesis (1923), Guarne (1926), Yolomb\u00f3 (1927) y Dabeiba (1938).<br><br>Las Sociedades de Mejoras P\u00fablicas han desarrollado un importante papel en la construcci\u00f3n, recuperaci\u00f3n y administraci\u00f3n de infraestructura p\u00fablica y en la conservaci\u00f3n y promoci\u00f3n del patrimonio cultural.<br><br>En la actualidad, son muchos los municipios de Colombia que cuentan con la presencia de una Sociedad de Mejoras P\u00fablicas, como entes dinamizadores de civismo y desarrollo regional.<br><br>La multiplicidad de estas acciones c\u00edvicas colectivas, llevaron a que las Sociedades se congregaran alrededor de una instituci\u00f3n que las aglutinara y representara, como lo es la Federaci\u00f3n Nacional de Sociedades de Mejoras P\u00fablicas de Colombia; y, que adem\u00e1s se formalizara su existencia, como en efecto ocurri\u00f3 el primero de agosto de 1996 cuando fue inscrita en la C\u00e1mara de Comercio de Bogot\u00e1.<\/p>\n<\/div>\n<\/div>\n<\/div><\/div>\n","protected":false},"excerpt":{"rendered":"<p>Quienes Somos Somos la Federaci\u00f3n Nacional de Sociedades de Mejoras P\u00fablicas de Colombia La FNSMPC en seguimiento del esp\u00edritu que inform\u00f3 el Primer Congreso Nacional de Sociedades de Mejoras P\u00fablicas realizado en la ciudad de Santa Fe de Bogot\u00e1, en 1917, tiene como pol\u00edtica: ASUMIR el civismo como una actitud de respeto, observancia y respaldo [&hellip;]<\/p>\n","protected":false},"author":1,"featured_media":0,"parent":0,"menu_order":0,"comment_status":"closed","ping_status":"closed","template":"","meta":{"_uag_custom_page_level_css":"","site-sidebar-layout":"no-sidebar","site-content-layout":"page-builder","ast-site-content-layout":"full-width-container","site-content-style":"unboxed","site-sidebar-style":"unboxed","ast-global-header-display":"","ast-banner-title-visibility":"","ast-main-header-display":"","ast-hfb-above-header-display":"","ast-hfb-below-header-display":"","ast-hfb-mobile-header-display":"","site-post-title":"disabled","ast-breadcrumbs-content":"","ast-featured-img":"disabled","footer-sml-layout":"","ast-disable-related-posts":"","theme-transparent-header-meta":"enabled","adv-header-id-meta":"","stick-header-meta":"","header-above-stick-meta":"","header-main-stick-meta":"","header-below-stick-meta":"","astra-migrate-meta-layouts":"set","ast-page-background-enabled":"default","ast-page-background-meta":{"desktop":{"background-color":"var(--ast-global-color-4)","background-image":"","background-repeat":"repeat","background-position":"center center","background-size":"auto","background-attachment":"scroll","background-type":"","background-media":"","overlay-type":"","overlay-color":"","overlay-opacity":"","overlay-gradient":""},"tablet":{"background-color":"","background-image":"","background-repeat":"repeat","background-position":"center center","background-size":"auto","background-attachment":"scroll","background-type":"","background-media":"","overlay-type":"","overlay-color":"","overlay-opacity":"","overlay-gradient":""},"mobile":{"background-color":"","background-image":"","background-repeat":"repeat","background-position":"center center","background-size":"auto","background-attachment":"scroll","background-type":"","background-media":"","overlay-type":"","overlay-color":"","overlay-opacity":"","overlay-gradient":""}},"ast-content-background-meta":{"desktop":{"background-color":"var(--ast-global-color-5)","background-image":"","background-repeat":"repeat","background-position":"center center","background-size":"auto","background-attachment":"scroll","background-type":"","background-media":"","overlay-type":"","overlay-color":"","overlay-opacity":"","overlay-gradient":""},"tablet":{"background-color":"var(--ast-global-color-5)","background-image":"","background-repeat":"repeat","background-position":"center center","background-size":"auto","background-attachment":"scroll","background-type":"","background-media":"","overlay-type":"","overlay-color":"","overlay-opacity":"","overlay-gradient":""},"mobile":{"background-color":"var(--ast-global-color-5)","background-image":"","background-repeat":"repeat","background-position":"center center","background-size":"auto","background-attachment":"scroll","background-type":"","background-media":"","overlay-type":"","overlay-color":"","overlay-opacity":"","overlay-gradient":""}},"footnotes":""},"class_list":["post-1324","page","type-page","status-publish","hentry"],"uagb_featured_image_src":{"full":false,"thumbnail":false,"medium":false,"medium_large":false,"large":false,"1536x1536":false,"2048x2048":false},"uagb_author_info":{"display_name":"admin","author_link":"https:\/\/federacionsmpc.org\/index.php\/author\/admin\/"},"uagb_comment_info":0,"uagb_excerpt":"Quienes Somos Somos la Federaci\u00f3n Nacional de Sociedades de Mejoras P\u00fablicas de Colombia La FNSMPC en seguimiento del esp\u00edritu que inform\u00f3 el Primer Congreso Nacional de Sociedades de Mejoras P\u00fablicas realizado en la ciudad de Santa Fe de Bogot\u00e1, en 1917, tiene como pol\u00edtica: ASUMIR el civismo como una actitud de respeto, observancia y respaldo&hellip;","_links":{"self":[{"href":"https:\/\/federacionsmpc.org\/index.php\/wp-json\/wp\/v2\/pages\/1324","targetHints":{"allow":["GET"]}}],"collection":[{"href":"https:\/\/federacionsmpc.org\/index.php\/wp-json\/wp\/v2\/pages"}],"about":[{"href":"https:\/\/federacionsmpc.org\/index.php\/wp-json\/wp\/v2\/types\/page"}],"author":[{"embeddable":true,"href":"https:\/\/federacionsmpc.org\/index.php\/wp-json\/wp\/v2\/users\/1"}],"replies":[{"embeddable":true,"href":"https:\/\/federacionsmpc.org\/index.php\/wp-json\/wp\/v2\/comments?post=1324"}],"version-history":[{"count":69,"href":"https:\/\/federacionsmpc.org\/index.php\/wp-json\/wp\/v2\/pages\/1324\/revisions"}],"predecessor-version":[{"id":3530,"href":"https:\/\/federacionsmpc.org\/index.php\/wp-json\/wp\/v2\/pages\/1324\/revisions\/3530"}],"wp:attachment":[{"href":"https:\/\/federacionsmpc.org\/index.php\/wp-json\/wp\/v2\/media?parent=1324"}],"curies":[{"name":"wp","href":"https:\/\/api.w.org\/{rel}","templated":true}]}}